{"id":2404,"date":"2021-07-13T13:09:59","date_gmt":"2021-07-13T16:09:59","guid":{"rendered":"https:\/\/www.hospitalmyn.gob.ar\/site2019\/?page_id=2404"},"modified":"2021-09-02T11:58:06","modified_gmt":"2021-09-02T14:58:06","slug":"proyectos","status":"publish","type":"page","link":"https:\/\/www.hospitalmyn.gob.ar\/site2019\/?page_id=2404","title":{"rendered":"Proyectos"},"content":{"rendered":"\t\t<div data-elementor-type=\"wp-page\" data-elementor-id=\"2404\" class=\"elementor elementor-2404\">\n\t\t\t\t\t\t<section class=\"elementor-section elementor-top-section elementor-element elementor-element-d01f554 elementor-section-boxed elementor-section-height-default elementor-section-height-default\" data-id=\"d01f554\" data-element_type=\"section\" data-e-type=\"section\">\n\t\t\t\t\t\t<div class=\"elementor-container elementor-column-gap-default\">\n\t\t\t\t\t<div class=\"elementor-column elementor-col-100 elementor-top-column elementor-element elementor-element-1b0d6af\" data-id=\"1b0d6af\" data-element_type=\"column\" data-e-type=\"column\">\n\t\t\t<div class=\"elementor-widget-wrap elementor-element-populated\">\n\t\t\t\t\t\t\t<\/div>\n\t\t<\/div>\n\t\t\t\t\t<\/div>\n\t\t<\/section>\n\t\t\t\t<section class=\"elementor-section elementor-top-section elementor-element elementor-element-97a3d51 elementor-section-boxed elementor-section-height-default elementor-section-height-default\" data-id=\"97a3d51\" data-element_type=\"section\" data-e-type=\"section\">\n\t\t\t\t\t\t<div class=\"elementor-container elementor-column-gap-default\">\n\t\t\t\t\t<div class=\"elementor-column elementor-col-100 elementor-top-column elementor-element elementor-element-c1a6042\" data-id=\"c1a6042\" data-element_type=\"column\" data-e-type=\"column\">\n\t\t\t<div class=\"elementor-widget-wrap elementor-element-populated\">\n\t\t\t\t\t\t<div class=\"elementor-element elementor-element-433ee62 elementor-widget elementor-widget-heading\" data-id=\"433ee62\" data-element_type=\"widget\" data-e-type=\"widget\" data-widget_type=\"heading.default\">\n\t\t\t\t<div class=\"elementor-widget-container\">\n\t\t\t\t\t<h2 class=\"elementor-heading-title elementor-size-default\">Proyecto de supervisi\u00f3n cl\u00ednica<\/h2>\t\t\t\t<\/div>\n\t\t\t\t<\/div>\n\t\t\t\t\t<\/div>\n\t\t<\/div>\n\t\t\t\t\t<\/div>\n\t\t<\/section>\n\t\t\t\t<section class=\"elementor-section elementor-top-section elementor-element elementor-element-618a27c elementor-section-boxed elementor-section-height-default elementor-section-height-default\" data-id=\"618a27c\" data-element_type=\"section\" data-e-type=\"section\">\n\t\t\t\t\t\t<div class=\"elementor-container elementor-column-gap-default\">\n\t\t\t\t\t<div class=\"elementor-column elementor-col-100 elementor-top-column elementor-element elementor-element-9a24277\" data-id=\"9a24277\" data-element_type=\"column\" data-e-type=\"column\">\n\t\t\t<div class=\"elementor-widget-wrap elementor-element-populated\">\n\t\t\t\t\t\t<div class=\"elementor-element elementor-element-5e725b4 elementor-widget elementor-widget-text-editor\" data-id=\"5e725b4\" data-element_type=\"widget\" data-e-type=\"widget\" data-widget_type=\"text-editor.default\">\n\t\t\t\t<div class=\"elementor-widget-container\">\n\t\t\t\t\t\t\t\t\t<h3>\u201cEspacio cl\u00ednico de supervisi\u00f3n de casos\u201d<\/h3>\t\t\t\t\t\t\t\t<\/div>\n\t\t\t\t<\/div>\n\t\t\t\t\t<\/div>\n\t\t<\/div>\n\t\t\t\t\t<\/div>\n\t\t<\/section>\n\t\t\t\t<section class=\"elementor-section elementor-top-section elementor-element elementor-element-cc17397 elementor-section-boxed elementor-section-height-default elementor-section-height-default\" data-id=\"cc17397\" data-element_type=\"section\" data-e-type=\"section\">\n\t\t\t\t\t\t<div class=\"elementor-container elementor-column-gap-default\">\n\t\t\t\t\t<div class=\"elementor-column elementor-col-66 elementor-top-column elementor-element elementor-element-8fa2758\" data-id=\"8fa2758\" data-element_type=\"column\" data-e-type=\"column\">\n\t\t\t<div class=\"elementor-widget-wrap elementor-element-populated\">\n\t\t\t\t\t\t<div class=\"elementor-element elementor-element-2df8f12 elementor-widget elementor-widget-text-editor\" data-id=\"2df8f12\" data-element_type=\"widget\" data-e-type=\"widget\" data-widget_type=\"text-editor.default\">\n\t\t\t\t<div class=\"elementor-widget-container\">\n\t\t\t\t\t\t\t\t\t<p><strong><u>INTRODUCCION <\/u><\/strong><\/p><p>La supervisi\u00f3n de casos cl\u00ednicos, son procesos en los cuales un profesional (o varios) expertx y especializadx, asesora a otrxs para ayudarles a encauzar un caso concreto del cual se est\u00e1 encargando en su labor ya sea en consultorios externos o en los diferentes servicios de internaci\u00f3n.<\/p><p>La importancia de problematizar la complejidad de la casu\u00edstica con la cual se interviene desde el servicio de salud mental, nos confronta con la necesidad de disponer de un agente externo que funcione de soporte, sost\u00e9n y orientaci\u00f3n en las pr\u00e1cticas que este hospital requiere.<\/p><p>Este proyecto formulado por el servicio de salud mental, cont\u00f3 con el apoyo de las autoridades de este hospital y constituye un espacio interdisciplinario para la maduraci\u00f3n profesional y personal a trav\u00e9s de la reflexi\u00f3n y creaci\u00f3n compartida, la pol\u00edtica, la escucha, la \u00e9tica y la responsabilidad, y nos dar\u00e1 la oportunidad de tener una nueva lectura sobre el material de los usuarixs y sobre nuestro rol dentro del \u00e1mbito hospitalario.<\/p><p>Asimismo, ser\u00e1 una creaci\u00f3n compartida entre colegas tanto de la Provincia de La Rioja, como as\u00ed tambi\u00e9n de todo el pa\u00eds.<\/p><p><strong><u>OBJETIVOS: <\/u><\/strong><\/p><ul><li>Identificar los factores que atraviesan a lxs profesionales en su pr\u00e1ctica diaria.<\/li><li>Repensar la propia pr\u00e1ctica en forma constante, y desde una mirada interdisciplinaria.<\/li><li>Obtener las herramientas t\u00e9cnicas para abordar la complejidad infanto-juvenil.<\/li><li>Explorar las dificultades terap\u00e9uticas ante cada caso.<\/li><li>Manejar los sentimientos y emociones\u00a0que\u00a0se generan en cada profesional ante determinadas problem\u00e1ticas.<\/li><li>Construir nuevas miradas sobre los padecimientos actuales.<\/li><\/ul><ul><li>Explorar los posibles problemas que pueden aparecer en la relaci\u00f3n profesional-usuarix-m\u00e9dicos, para que no supongan una disminuci\u00f3n de la eficacia terap\u00e9utica.<\/li><\/ul><p><strong><u>METODOLOG\u00cdA Y MODALIDAD<\/u><\/strong>:<\/p><ul><li>El mismo se desarrollara dentro del hospital de la madre y el ni\u00f1o.<\/li><li>Se dar\u00e1 de manera virtual, lo cual facilitar\u00e1 la conexi\u00f3n y participaci\u00f3n del equipo.<\/li><li>La frecuencia ser\u00e1 de 2 supervisiones al mes, con frecuencia quincenal.<\/li><\/ul><p><strong><u>DESTINATARIOS E INTEGRANTES<\/u><\/strong><\/p><ul><li>Equipo interdisciplinario del servicio de salud mental.<\/li><li>Servicio de rehabilitaci\u00f3n.<\/li><li>Residentes de RISAM.<\/li><li>Otros servicios del hospital.<\/li><\/ul>\t\t\t\t\t\t\t\t<\/div>\n\t\t\t\t<\/div>\n\t\t\t\t\t<\/div>\n\t\t<\/div>\n\t\t\t\t<div class=\"elementor-column elementor-col-33 elementor-top-column elementor-element elementor-element-36b6eae\" data-id=\"36b6eae\" data-element_type=\"column\" data-e-type=\"column\">\n\t\t\t<div class=\"elementor-widget-wrap elementor-element-populated\">\n\t\t\t\t\t\t<div class=\"elementor-element elementor-element-5f4ae68 elementor-widget elementor-widget-image\" data-id=\"5f4ae68\" data-element_type=\"widget\" data-e-type=\"widget\" data-widget_type=\"image.default\">\n\t\t\t\t<div class=\"elementor-widget-container\">\n\t\t\t\t\t\t\t\t\t\t\t\t<figure class=\"wp-caption\">\n\t\t\t\t\t\t\t\t\t\t<img fetchpriority=\"high\" decoding=\"async\" width=\"760\" height=\"1024\" src=\"https:\/\/www.hospitalmyn.gob.ar\/site2019\/wp-content\/uploads\/2021\/09\/WhatsApp-Image-2021-07-16-at-12.34.29-1-760x1024.jpeg\" class=\"attachment-large size-large wp-image-2547\" alt=\"\" srcset=\"https:\/\/www.hospitalmyn.gob.ar\/site2019\/wp-content\/uploads\/2021\/09\/WhatsApp-Image-2021-07-16-at-12.34.29-1-760x1024.jpeg 760w, https:\/\/www.hospitalmyn.gob.ar\/site2019\/wp-content\/uploads\/2021\/09\/WhatsApp-Image-2021-07-16-at-12.34.29-1-223x300.jpeg 223w, https:\/\/www.hospitalmyn.gob.ar\/site2019\/wp-content\/uploads\/2021\/09\/WhatsApp-Image-2021-07-16-at-12.34.29-1-768x1035.jpeg 768w, https:\/\/www.hospitalmyn.gob.ar\/site2019\/wp-content\/uploads\/2021\/09\/WhatsApp-Image-2021-07-16-at-12.34.29-1-e1630593435339.jpeg 850w\" sizes=\"(max-width: 760px) 100vw, 760px\" \/>\t\t\t\t\t\t\t\t\t\t\t<figcaption class=\"widget-image-caption wp-caption-text\">Lic. Cativas, Ana Cecilia MP: 0243<\/figcaption>\n\t\t\t\t\t\t\t\t\t\t<\/figure>\n\t\t\t\t\t\t\t\t\t<\/div>\n\t\t\t\t<\/div>\n\t\t\t\t\t<\/div>\n\t\t<\/div>\n\t\t\t\t\t<\/div>\n\t\t<\/section>\n\t\t\t\t<section class=\"elementor-section elementor-top-section elementor-element elementor-element-477bc94 elementor-section-boxed elementor-section-height-default elementor-section-height-default\" data-id=\"477bc94\" data-element_type=\"section\" data-e-type=\"section\">\n\t\t\t\t\t\t<div class=\"elementor-container elementor-column-gap-default\">\n\t\t\t\t\t<div class=\"elementor-column elementor-col-66 elementor-top-column elementor-element elementor-element-e7471cc\" data-id=\"e7471cc\" data-element_type=\"column\" data-e-type=\"column\">\n\t\t\t<div class=\"elementor-widget-wrap elementor-element-populated\">\n\t\t\t\t\t\t<div class=\"elementor-element elementor-element-c38d1ff elementor-widget elementor-widget-text-editor\" data-id=\"c38d1ff\" data-element_type=\"widget\" data-e-type=\"widget\" data-widget_type=\"text-editor.default\">\n\t\t\t\t<div class=\"elementor-widget-container\">\n\t\t\t\t\t\t\t\t\t<p><strong><u>PROFESIONALES ESPECIALISTAS CONVOCADOS:<\/u><\/strong><\/p><table><tbody><tr><td width=\"327\"><p>\u00a0<\/p><p>Supervisores para el <strong><u>\u00c1rea de Psicolog\u00eda Cl\u00ednica<\/u><\/strong><\/p><p>\u00a0<\/p><p>\u00a0<\/p><\/td><td width=\"327\"><p>\u00a0<\/p><p>&#8211;\u00a0\u00a0\u00a0\u00a0\u00a0\u00a0\u00a0\u00a0\u00a0 <strong>Ines Sotelo (Bs. As)<\/strong> Doctora en Psicolog\u00eda, Profesora titular regular UBA, Directora Carrera de especializaci\u00f3n UBA, Directora Maestr\u00eda UNSAM<\/p><p>&#8211;\u00a0\u00a0\u00a0\u00a0\u00a0\u00a0\u00a0\u00a0\u00a0 <strong>Adriana Testa (Bs. As<\/strong>) presidenta de la Escuela de la Orientaci\u00f3n Lacaniana (EOL) de la Argentina<\/p><p>&#8211;\u00a0\u00a0\u00a0\u00a0\u00a0\u00a0\u00a0\u00a0\u00a0 <strong>Laura Seppi (La Rioja)<\/strong><\/p><\/td><\/tr><\/tbody><\/table><p>\u00a0<\/p><p>\u00a0<\/p><table><tbody><tr><td width=\"327\"><p>\u00a0<\/p><p>\u00a0<\/p><p>\u00a0<\/p><p>\u00a0<\/p><p>\u00a0<\/p><p>\u00a0<\/p><p>Supervisores para el <strong><u>\u00c1rea de Psicolog\u00eda Infanto Juvenil<\/u><\/strong><\/p><\/td><td width=\"327\"><p>\u00a0<\/p><p>&#8211;\u00a0\u00a0\u00a0\u00a0\u00a0\u00a0\u00a0\u00a0\u00a0 <strong>Ilda Levin (Bs.As)<\/strong><\/p><p>&#8211;\u00a0\u00a0\u00a0\u00a0\u00a0\u00a0\u00a0\u00a0\u00a0 <strong>Maria Pia Maristany<\/strong> (Bs. As \u2013 Fundaci\u00f3n AIGL\u00c9 -Supervisora cl\u00ednica -especialista en Familia y Adolescentes\u00a0 -Coordinadora del Dpto. De evaluaci\u00f3n Psicol\u00f3gica)<\/p><p>&#8211;\u00a0\u00a0\u00a0\u00a0\u00a0\u00a0\u00a0\u00a0\u00a0 <strong>Beatriz Janin (Bs. As &#8211; <\/strong>Psic\u00f3loga (UBA) y psicoanalista. Presidenta de Forum Infancias, Asociaci\u00f3n Civil contra la medicalizaci\u00f3n y patologizaci\u00f3n de la infancia. Directora de las Carreras de Especializaci\u00f3n en Psicoan\u00e1lisis con Ni\u00f1os y con Adolescentes de UCES y APBA.<\/p><p>&#8211;\u00a0\u00a0\u00a0\u00a0\u00a0\u00a0\u00a0\u00a0\u00a0 <strong>Diana Campolongo. (Bs. As &#8211; <\/strong>Miembro de la Escuela de la Orientaci\u00f3n Lacaniana y de la Asociaci\u00f3n Mundial de Psicoan\u00e1lisis. Coordina el Programa de Atenci\u00f3n Cl\u00ednica y el \u00c1rea de Docencia e Investigaci\u00f3n en Salud Mental del H.G.A. P. Pi\u00f1ero. Docente del Instituto Oscar Masotta<\/p><p>&#8211;\u00a0\u00a0\u00a0\u00a0\u00a0\u00a0\u00a0\u00a0\u00a0 \u00a0<\/p><p>\u00a0<\/p><p>&#8211;\u00a0\u00a0\u00a0\u00a0\u00a0\u00a0\u00a0\u00a0\u00a0 <strong>Celeste Vi\u00f1al<\/strong> (Bs. As &#8211; AP de la Escuela de la Orientaci\u00f3n Lacaniana. Analista en consultorio. Supervisora en hospitales.<\/p><p>&#8211;\u00a0\u00a0\u00a0\u00a0\u00a0\u00a0\u00a0\u00a0\u00a0 <strong>Gustavo Slatopolsky (Bs. As &#8211; <\/strong>psicoanalista, miembro EOL y de la AMP, Coordinador de \u201cLa Cigarra\u201d \/ dispositivo cl\u00ednico.<\/p><p>&#8211;\u00a0\u00a0\u00a0\u00a0\u00a0\u00a0\u00a0\u00a0\u00a0 <strong>Gabriela B\u00e1rbara Vidal<\/strong> (C\u00f3rdoba &#8211; especialista en Psicoan\u00e1lisis con ni\u00f1os (UCES). Docente en la UNC (universidad nacional de C\u00f3rdoba))<\/p><p>&#8211;\u00a0\u00a0\u00a0\u00a0\u00a0\u00a0\u00a0\u00a0\u00a0 <strong>Andrea Romero<\/strong> (La Rioja)<\/p><p>&#8211;\u00a0\u00a0\u00a0\u00a0\u00a0\u00a0\u00a0\u00a0\u00a0 <strong>Gabriel Donzino<\/strong> (Bs. As) Licenciado en Psicolog\u00eda. Psicoanalista. Ex docente universitario (UNSAL, UBA; UNLP; Liga Israelita Argentina, Atl\u00e1ntida Argentina; Bar Ilan, UCES).<\/p><p>\u00a0<\/p><\/td><\/tr><\/tbody><\/table><p>\u00a0<\/p><p>\u00a0<\/p><table><tbody><tr><td width=\"327\"><p>\u00a0<\/p><p>\u00a0<\/p><p>\u00a0<\/p><p>Supervisores para el <strong><u>\u00c1rea de Trabajo Social<\/u><\/strong><\/p><\/td><td width=\"327\"><p>&#8211;\u00a0\u00a0\u00a0\u00a0\u00a0\u00a0\u00a0\u00a0\u00a0 <strong>Dr. Alfredo Juan Manuel Carballeda<\/strong> (Bs. As &#8211;\u00a0 \u00a0Licenciado en Servicio Social egresado en la UBA (1980); Diplomado Superior en Ciencias Sociales con menci\u00f3n en Sociolog\u00eda (FLACSO, 1998) y Magister en Trabajo Social)<\/p><p>&#8211;\u00a0\u00a0\u00a0\u00a0\u00a0\u00a0\u00a0\u00a0\u00a0 <strong>Gustavo Nu\u00f1ez<\/strong> (La Rioja)<\/p><p>\u00a0<\/p><\/td><\/tr><\/tbody><\/table><p>\u00a0<\/p><table><tbody><tr><td width=\"327\"><p>\u00a0<\/p><p>\u00a0<\/p><p>\u00a0<\/p><p>Supervisores para el <strong><u>\u00c1rea de Psiquiatr\u00eda<\/u><\/strong><\/p><\/td><td width=\"327\"><p>&#8211;\u00a0\u00a0\u00a0\u00a0\u00a0\u00a0\u00a0\u00a0\u00a0 <strong>Dr. Francisco Mercado Mansilla<\/strong> (M\u00e9dico psiquiatra Infanto Juvenil \u2013 Departamento de Consultorios externos \u2013 Secci\u00f3n psiquiatr\u00eda y Psicofarmacolog\u00eda \u2013 Hospital Infanto Juvenil Dra. Carolina Tobar Garc\u00eda)<\/p><p>&#8211;\u00a0\u00a0\u00a0\u00a0\u00a0\u00a0\u00a0\u00a0\u00a0 <strong>Dr. Juan Vasen<\/strong> (M\u00e9dico especializado en psiquiatr\u00eda infanto-juvenil \u2013 Bs. As)<\/p><p>&#8211;\u00a0\u00a0\u00a0\u00a0\u00a0\u00a0\u00a0\u00a0\u00a0 <strong>Fundaci\u00f3n AIGL\u00c9<\/strong><\/p><\/td><\/tr><\/tbody><\/table><p>\u00a0<\/p><table><tbody><tr><td width=\"327\"><p>\u00a0<\/p><p>Supervisores para el <strong><u>\u00c1rea de Arteterapia<\/u><\/strong><\/p><p>\u00a0<\/p><\/td><td width=\"327\"><p>\u00a0<\/p><p>&#8211;\u00a0\u00a0\u00a0\u00a0\u00a0\u00a0\u00a0\u00a0\u00a0 <strong>Servicio de Arteterapia Hospital de Ni\u00f1os Dr. Ricardo Gutierrez<\/strong><\/p><\/td><\/tr><\/tbody><\/table><p>\u00a0<\/p><p>\u00a0<\/p><table><tbody><tr><td width=\"327\"><p>\u00a0<\/p><p>\u00a0<\/p><p>\u00a0<\/p><p>Supervisores para el <strong><u>\u00c1rea de Psicopedagog\u00eda<\/u><\/strong><\/p><p>\u00a0<\/p><\/td><td width=\"327\"><p>\u00a0<\/p><p>&#8211;\u00a0\u00a0\u00a0\u00a0\u00a0\u00a0\u00a0\u00a0\u00a0 <strong>Malena Moya ( La Rioja)<\/strong><\/p><p>&#8211;\u00a0\u00a0\u00a0\u00a0\u00a0\u00a0\u00a0\u00a0\u00a0 <strong>Viviana Vald\u00e9s ( La Rioja)<\/strong><\/p><p>&#8211;\u00a0\u00a0\u00a0\u00a0\u00a0\u00a0\u00a0\u00a0\u00a0 <strong>Mar\u00eda Eugenia Gonz\u00e1lez <\/strong><\/p><p>&#8211;\u00a0\u00a0\u00a0\u00a0\u00a0\u00a0\u00a0\u00a0\u00a0 <strong>( La Rioja)<\/strong><\/p><p>&#8211;\u00a0\u00a0\u00a0\u00a0\u00a0\u00a0\u00a0\u00a0\u00a0 <strong>Liliana Bin ( Buenos Aires) <\/strong><\/p><p>&#8211;\u00a0\u00a0\u00a0\u00a0\u00a0\u00a0\u00a0\u00a0\u00a0 <strong>Liliana Gonz\u00e1lez ( C\u00f3rdoba)<\/strong><\/p><p>&#8211;\u00a0\u00a0\u00a0\u00a0\u00a0\u00a0\u00a0\u00a0\u00a0 <strong>Mariana Wassner (Buenos Aires)<\/strong><\/p><p><strong>\u00a0<\/strong><\/p><\/td><\/tr><\/tbody><\/table>\t\t\t\t\t\t\t\t<\/div>\n\t\t\t\t<\/div>\n\t\t\t\t\t<\/div>\n\t\t<\/div>\n\t\t\t\t<div class=\"elementor-column elementor-col-33 elementor-top-column elementor-element elementor-element-de174ef\" data-id=\"de174ef\" data-element_type=\"column\" data-e-type=\"column\">\n\t\t\t<div class=\"elementor-widget-wrap elementor-element-populated\">\n\t\t\t\t\t\t<div class=\"elementor-element elementor-element-9c4e9b0 elementor-widget elementor-widget-image\" data-id=\"9c4e9b0\" data-element_type=\"widget\" data-e-type=\"widget\" data-widget_type=\"image.default\">\n\t\t\t\t<div class=\"elementor-widget-container\">\n\t\t\t\t\t\t\t\t\t\t\t\t\t\t\t<img decoding=\"async\" width=\"1024\" height=\"768\" data-src=\"https:\/\/www.hospitalmyn.gob.ar\/site2019\/wp-content\/uploads\/2021\/07\/Cartel-1-1024x768.jpg\" class=\"attachment-large size-large wp-image-2455 lazyload\" alt=\"\" data-srcset=\"https:\/\/www.hospitalmyn.gob.ar\/site2019\/wp-content\/uploads\/2021\/07\/Cartel-1-1024x768.jpg 1024w, https:\/\/www.hospitalmyn.gob.ar\/site2019\/wp-content\/uploads\/2021\/07\/Cartel-1-300x225.jpg 300w, https:\/\/www.hospitalmyn.gob.ar\/site2019\/wp-content\/uploads\/2021\/07\/Cartel-1-768x576.jpg 768w, https:\/\/www.hospitalmyn.gob.ar\/site2019\/wp-content\/uploads\/2021\/07\/Cartel-1-e1626271408400.jpg 850w\" data-sizes=\"(max-width: 1024px) 100vw, 1024px\" src=\"data:image\/svg+xml;base64,PHN2ZyB3aWR0aD0iMSIgaGVpZ2h0PSIxIiB4bWxucz0iaHR0cDovL3d3dy53My5vcmcvMjAwMC9zdmciPjwvc3ZnPg==\" style=\"--smush-placeholder-width: 1024px; --smush-placeholder-aspect-ratio: 1024\/768;\" \/>\t\t\t\t\t\t\t\t\t\t\t\t\t\t\t<\/div>\n\t\t\t\t<\/div>\n\t\t\t\t\t<\/div>\n\t\t<\/div>\n\t\t\t\t\t<\/div>\n\t\t<\/section>\n\t\t\t\t<\/div>\n\t\t","protected":false},"excerpt":{"rendered":"<p>Proyecto de supervisi\u00f3n cl\u00ednica \u201cEspacio cl\u00ednico de supervisi\u00f3n de casos\u201d INTRODUCCION La supervisi\u00f3n de casos cl\u00ednicos, son procesos en los cuales un profesional (o varios) expertx y especializadx, asesora a otrxs para ayudarles a encauzar un caso concreto del cual se est\u00e1 encargando en su labor ya sea en consultorios externos o en los diferentes [&hellip;]<\/p>\n","protected":false},"author":1,"featured_media":0,"parent":0,"menu_order":0,"comment_status":"closed","ping_status":"closed","template":"","meta":{"site-sidebar-layout":"no-sidebar","site-content-layout":"page-builder","ast-site-content-layout":"default","site-content-style":"default","site-sidebar-style":"default","ast-global-header-display":"","ast-banner-title-visibility":"","ast-main-header-display":"","ast-hfb-above-header-display":"","ast-hfb-below-header-display":"","ast-hfb-mobile-header-display":"","site-post-title":"disabled","ast-breadcrumbs-content":"","ast-featured-img":"disabled","footer-sml-layout":"","theme-transparent-header-meta":"","adv-header-id-meta":"","stick-header-meta":"","header-above-stick-meta":"","header-main-stick-meta":"","header-below-stick-meta":"","astra-migrate-meta-layouts":"default","ast-page-background-enabled":"default","ast-page-background-meta":{"desktop":{"background-color":"","background-image":"","background-repeat":"repeat","background-position":"center center","background-size":"auto","background-attachment":"scroll","background-type":"","background-media":"","overlay-type":"","overlay-color":"","overlay-opacity":"","overlay-gradient":""},"tablet":{"background-color":"","background-image":"","background-repeat":"repeat","background-position":"center center","background-size":"auto","background-attachment":"scroll","background-type":"","background-media":"","overlay-type":"","overlay-color":"","overlay-opacity":"","overlay-gradient":""},"mobile":{"background-color":"","background-image":"","background-repeat":"repeat","background-position":"center center","background-size":"auto","background-attachment":"scroll","background-type":"","background-media":"","overlay-type":"","overlay-color":"","overlay-opacity":"","overlay-gradient":""}},"ast-content-background-meta":{"desktop":{"background-color":"var(--ast-global-color-5)","background-image":"","background-repeat":"repeat","background-position":"center center","background-size":"auto","background-attachment":"scroll","background-type":"","background-media":"","overlay-type":"","overlay-color":"","overlay-opacity":"","overlay-gradient":""},"tablet":{"background-color":"var(--ast-global-color-5)","background-image":"","background-repeat":"repeat","background-position":"center center","background-size":"auto","background-attachment":"scroll","background-type":"","background-media":"","overlay-type":"","overlay-color":"","overlay-opacity":"","overlay-gradient":""},"mobile":{"background-color":"var(--ast-global-color-5)","background-image":"","background-repeat":"repeat","background-position":"center center","background-size":"auto","background-attachment":"scroll","background-type":"","background-media":"","overlay-type":"","overlay-color":"","overlay-opacity":"","overlay-gradient":""}},"footnotes":""},"class_list":["post-2404","page","type-page","status-publish","hentry"],"yoast_head":"<!-- This site is optimized with the Yoast SEO plugin v27.4 - https:\/\/yoast.com\/product\/yoast-seo-wordpress\/ -->\n<title>Proyectos - Hospital de la Madre y el Ni\u00f1o<\/title>\n<meta name=\"robots\" content=\"index, follow, max-snippet:-1, max-image-preview:large, max-video-preview:-1\" \/>\n<link rel=\"canonical\" href=\"https:\/\/www.hospitalmyn.gob.ar\/site2019\/?page_id=2404\" \/>\n<meta property=\"og:locale\" content=\"es_ES\" \/>\n<meta property=\"og:type\" content=\"article\" \/>\n<meta property=\"og:title\" content=\"Proyectos - Hospital de la Madre y el Ni\u00f1o\" \/>\n<meta property=\"og:description\" content=\"Proyecto de supervisi\u00f3n cl\u00ednica \u201cEspacio cl\u00ednico de supervisi\u00f3n de casos\u201d INTRODUCCION La supervisi\u00f3n de casos cl\u00ednicos, son procesos en los cuales un profesional (o varios) expertx y especializadx, asesora a otrxs para ayudarles a encauzar un caso concreto del cual se est\u00e1 encargando en su labor ya sea en consultorios externos o en los diferentes [&hellip;]\" \/>\n<meta property=\"og:url\" content=\"https:\/\/www.hospitalmyn.gob.ar\/site2019\/?page_id=2404\" \/>\n<meta property=\"og:site_name\" content=\"Hospital de la Madre y el Ni\u00f1o\" \/>\n<meta property=\"article:modified_time\" content=\"2021-09-02T14:58:06+00:00\" \/>\n<meta property=\"og:image\" content=\"https:\/\/www.hospitalmyn.gob.ar\/site2019\/wp-content\/uploads\/2021\/09\/WhatsApp-Image-2021-07-16-at-12.34.29-1-760x1024.jpeg\" \/>\n<meta name=\"twitter:card\" content=\"summary_large_image\" \/>\n<meta name=\"twitter:label1\" content=\"Tiempo de lectura\" \/>\n\t<meta name=\"twitter:data1\" content=\"4 minutos\" \/>\n<script type=\"application\/ld+json\" class=\"yoast-schema-graph\">{\"@context\":\"https:\\\/\\\/schema.org\",\"@graph\":[{\"@type\":\"WebPage\",\"@id\":\"https:\\\/\\\/www.hospitalmyn.gob.ar\\\/site2019\\\/?page_id=2404\",\"url\":\"https:\\\/\\\/www.hospitalmyn.gob.ar\\\/site2019\\\/?page_id=2404\",\"name\":\"Proyectos - Hospital de la Madre y el Ni\u00f1o\",\"isPartOf\":{\"@id\":\"https:\\\/\\\/www.hospitalmyn.gob.ar\\\/site2019\\\/#website\"},\"primaryImageOfPage\":{\"@id\":\"https:\\\/\\\/www.hospitalmyn.gob.ar\\\/site2019\\\/?page_id=2404#primaryimage\"},\"image\":{\"@id\":\"https:\\\/\\\/www.hospitalmyn.gob.ar\\\/site2019\\\/?page_id=2404#primaryimage\"},\"thumbnailUrl\":\"https:\\\/\\\/www.hospitalmyn.gob.ar\\\/site2019\\\/wp-content\\\/uploads\\\/2021\\\/09\\\/WhatsApp-Image-2021-07-16-at-12.34.29-1-760x1024.jpeg\",\"datePublished\":\"2021-07-13T16:09:59+00:00\",\"dateModified\":\"2021-09-02T14:58:06+00:00\",\"breadcrumb\":{\"@id\":\"https:\\\/\\\/www.hospitalmyn.gob.ar\\\/site2019\\\/?page_id=2404#breadcrumb\"},\"inLanguage\":\"es-AR\",\"potentialAction\":[{\"@type\":\"ReadAction\",\"target\":[\"https:\\\/\\\/www.hospitalmyn.gob.ar\\\/site2019\\\/?page_id=2404\"]}]},{\"@type\":\"ImageObject\",\"inLanguage\":\"es-AR\",\"@id\":\"https:\\\/\\\/www.hospitalmyn.gob.ar\\\/site2019\\\/?page_id=2404#primaryimage\",\"url\":\"https:\\\/\\\/www.hospitalmyn.gob.ar\\\/site2019\\\/wp-content\\\/uploads\\\/2021\\\/09\\\/WhatsApp-Image-2021-07-16-at-12.34.29-1-e1630593435339.jpeg\",\"contentUrl\":\"https:\\\/\\\/www.hospitalmyn.gob.ar\\\/site2019\\\/wp-content\\\/uploads\\\/2021\\\/09\\\/WhatsApp-Image-2021-07-16-at-12.34.29-1-e1630593435339.jpeg\",\"width\":850,\"height\":1145},{\"@type\":\"BreadcrumbList\",\"@id\":\"https:\\\/\\\/www.hospitalmyn.gob.ar\\\/site2019\\\/?page_id=2404#breadcrumb\",\"itemListElement\":[{\"@type\":\"ListItem\",\"position\":1,\"name\":\"Inicio\",\"item\":\"https:\\\/\\\/www.hospitalmyn.gob.ar\\\/site2019\\\/\"},{\"@type\":\"ListItem\",\"position\":2,\"name\":\"Proyectos\"}]},{\"@type\":\"WebSite\",\"@id\":\"https:\\\/\\\/www.hospitalmyn.gob.ar\\\/site2019\\\/#website\",\"url\":\"https:\\\/\\\/www.hospitalmyn.gob.ar\\\/site2019\\\/\",\"name\":\"Hospital de la Madre y el Ni\u00f1o\",\"description\":\"\",\"publisher\":{\"@id\":\"https:\\\/\\\/www.hospitalmyn.gob.ar\\\/site2019\\\/#organization\"},\"potentialAction\":[{\"@type\":\"SearchAction\",\"target\":{\"@type\":\"EntryPoint\",\"urlTemplate\":\"https:\\\/\\\/www.hospitalmyn.gob.ar\\\/site2019\\\/?s={search_term_string}\"},\"query-input\":{\"@type\":\"PropertyValueSpecification\",\"valueRequired\":true,\"valueName\":\"search_term_string\"}}],\"inLanguage\":\"es-AR\"},{\"@type\":\"Organization\",\"@id\":\"https:\\\/\\\/www.hospitalmyn.gob.ar\\\/site2019\\\/#organization\",\"name\":\"Hospital de la Madre y el Ni\u00f1o\",\"url\":\"https:\\\/\\\/www.hospitalmyn.gob.ar\\\/site2019\\\/\",\"logo\":{\"@type\":\"ImageObject\",\"inLanguage\":\"es-AR\",\"@id\":\"https:\\\/\\\/www.hospitalmyn.gob.ar\\\/site2019\\\/#\\\/schema\\\/logo\\\/image\\\/\",\"url\":\"https:\\\/\\\/www.hospitalmyn.gob.ar\\\/site2019\\\/wp-content\\\/uploads\\\/2018\\\/12\\\/LOGOPNG80X80.png\",\"contentUrl\":\"https:\\\/\\\/www.hospitalmyn.gob.ar\\\/site2019\\\/wp-content\\\/uploads\\\/2018\\\/12\\\/LOGOPNG80X80.png\",\"width\":80,\"height\":80,\"caption\":\"Hospital de la Madre y el Ni\u00f1o\"},\"image\":{\"@id\":\"https:\\\/\\\/www.hospitalmyn.gob.ar\\\/site2019\\\/#\\\/schema\\\/logo\\\/image\\\/\"}}]}<\/script>\n<!-- \/ Yoast SEO plugin. -->","yoast_head_json":{"title":"Proyectos - Hospital de la Madre y el Ni\u00f1o","robots":{"index":"index","follow":"follow","max-snippet":"max-snippet:-1","max-image-preview":"max-image-preview:large","max-video-preview":"max-video-preview:-1"},"canonical":"https:\/\/www.hospitalmyn.gob.ar\/site2019\/?page_id=2404","og_locale":"es_ES","og_type":"article","og_title":"Proyectos - Hospital de la Madre y el Ni\u00f1o","og_description":"Proyecto de supervisi\u00f3n cl\u00ednica \u201cEspacio cl\u00ednico de supervisi\u00f3n de casos\u201d INTRODUCCION La supervisi\u00f3n de casos cl\u00ednicos, son procesos en los cuales un profesional (o varios) expertx y especializadx, asesora a otrxs para ayudarles a encauzar un caso concreto del cual se est\u00e1 encargando en su labor ya sea en consultorios externos o en los diferentes [&hellip;]","og_url":"https:\/\/www.hospitalmyn.gob.ar\/site2019\/?page_id=2404","og_site_name":"Hospital de la Madre y el Ni\u00f1o","article_modified_time":"2021-09-02T14:58:06+00:00","og_image":[{"url":"https:\/\/www.hospitalmyn.gob.ar\/site2019\/wp-content\/uploads\/2021\/09\/WhatsApp-Image-2021-07-16-at-12.34.29-1-760x1024.jpeg","type":"","width":"","height":""}],"twitter_card":"summary_large_image","twitter_misc":{"Tiempo de lectura":"4 minutos"},"schema":{"@context":"https:\/\/schema.org","@graph":[{"@type":"WebPage","@id":"https:\/\/www.hospitalmyn.gob.ar\/site2019\/?page_id=2404","url":"https:\/\/www.hospitalmyn.gob.ar\/site2019\/?page_id=2404","name":"Proyectos - Hospital de la Madre y el Ni\u00f1o","isPartOf":{"@id":"https:\/\/www.hospitalmyn.gob.ar\/site2019\/#website"},"primaryImageOfPage":{"@id":"https:\/\/www.hospitalmyn.gob.ar\/site2019\/?page_id=2404#primaryimage"},"image":{"@id":"https:\/\/www.hospitalmyn.gob.ar\/site2019\/?page_id=2404#primaryimage"},"thumbnailUrl":"https:\/\/www.hospitalmyn.gob.ar\/site2019\/wp-content\/uploads\/2021\/09\/WhatsApp-Image-2021-07-16-at-12.34.29-1-760x1024.jpeg","datePublished":"2021-07-13T16:09:59+00:00","dateModified":"2021-09-02T14:58:06+00:00","breadcrumb":{"@id":"https:\/\/www.hospitalmyn.gob.ar\/site2019\/?page_id=2404#breadcrumb"},"inLanguage":"es-AR","potentialAction":[{"@type":"ReadAction","target":["https:\/\/www.hospitalmyn.gob.ar\/site2019\/?page_id=2404"]}]},{"@type":"ImageObject","inLanguage":"es-AR","@id":"https:\/\/www.hospitalmyn.gob.ar\/site2019\/?page_id=2404#primaryimage","url":"https:\/\/www.hospitalmyn.gob.ar\/site2019\/wp-content\/uploads\/2021\/09\/WhatsApp-Image-2021-07-16-at-12.34.29-1-e1630593435339.jpeg","contentUrl":"https:\/\/www.hospitalmyn.gob.ar\/site2019\/wp-content\/uploads\/2021\/09\/WhatsApp-Image-2021-07-16-at-12.34.29-1-e1630593435339.jpeg","width":850,"height":1145},{"@type":"BreadcrumbList","@id":"https:\/\/www.hospitalmyn.gob.ar\/site2019\/?page_id=2404#breadcrumb","itemListElement":[{"@type":"ListItem","position":1,"name":"Inicio","item":"https:\/\/www.hospitalmyn.gob.ar\/site2019\/"},{"@type":"ListItem","position":2,"name":"Proyectos"}]},{"@type":"WebSite","@id":"https:\/\/www.hospitalmyn.gob.ar\/site2019\/#website","url":"https:\/\/www.hospitalmyn.gob.ar\/site2019\/","name":"Hospital de la Madre y el Ni\u00f1o","description":"","publisher":{"@id":"https:\/\/www.hospitalmyn.gob.ar\/site2019\/#organization"},"potentialAction":[{"@type":"SearchAction","target":{"@type":"EntryPoint","urlTemplate":"https:\/\/www.hospitalmyn.gob.ar\/site2019\/?s={search_term_string}"},"query-input":{"@type":"PropertyValueSpecification","valueRequired":true,"valueName":"search_term_string"}}],"inLanguage":"es-AR"},{"@type":"Organization","@id":"https:\/\/www.hospitalmyn.gob.ar\/site2019\/#organization","name":"Hospital de la Madre y el Ni\u00f1o","url":"https:\/\/www.hospitalmyn.gob.ar\/site2019\/","logo":{"@type":"ImageObject","inLanguage":"es-AR","@id":"https:\/\/www.hospitalmyn.gob.ar\/site2019\/#\/schema\/logo\/image\/","url":"https:\/\/www.hospitalmyn.gob.ar\/site2019\/wp-content\/uploads\/2018\/12\/LOGOPNG80X80.png","contentUrl":"https:\/\/www.hospitalmyn.gob.ar\/site2019\/wp-content\/uploads\/2018\/12\/LOGOPNG80X80.png","width":80,"height":80,"caption":"Hospital de la Madre y el Ni\u00f1o"},"image":{"@id":"https:\/\/www.hospitalmyn.gob.ar\/site2019\/#\/schema\/logo\/image\/"}}]}},"_links":{"self":[{"href":"https:\/\/www.hospitalmyn.gob.ar\/site2019\/index.php?rest_route=\/wp\/v2\/pages\/2404","targetHints":{"allow":["GET"]}}],"collection":[{"href":"https:\/\/www.hospitalmyn.gob.ar\/site2019\/index.php?rest_route=\/wp\/v2\/pages"}],"about":[{"href":"https:\/\/www.hospitalmyn.gob.ar\/site2019\/index.php?rest_route=\/wp\/v2\/types\/page"}],"author":[{"embeddable":true,"href":"https:\/\/www.hospitalmyn.gob.ar\/site2019\/index.php?rest_route=\/wp\/v2\/users\/1"}],"replies":[{"embeddable":true,"href":"https:\/\/www.hospitalmyn.gob.ar\/site2019\/index.php?rest_route=%2Fwp%2Fv2%2Fcomments&post=2404"}],"version-history":[{"count":10,"href":"https:\/\/www.hospitalmyn.gob.ar\/site2019\/index.php?rest_route=\/wp\/v2\/pages\/2404\/revisions"}],"predecessor-version":[{"id":2554,"href":"https:\/\/www.hospitalmyn.gob.ar\/site2019\/index.php?rest_route=\/wp\/v2\/pages\/2404\/revisions\/2554"}],"wp:attachment":[{"href":"https:\/\/www.hospitalmyn.gob.ar\/site2019\/index.php?rest_route=%2Fwp%2Fv2%2Fmedia&parent=2404"}],"curies":[{"name":"wp","href":"https:\/\/api.w.org\/{rel}","templated":true}]}}