{"id":34,"date":"2018-12-05T13:16:20","date_gmt":"2018-12-05T16:16:20","guid":{"rendered":"http:\/\/www.hospitalmyn.gob.ar\/site2019\/?page_id=34"},"modified":"2021-04-21T09:44:08","modified_gmt":"2021-04-21T12:44:08","slug":"hospital","status":"publish","type":"page","link":"https:\/\/www.hospitalmyn.gob.ar\/site2019\/?page_id=34","title":{"rendered":"Hospital"},"content":{"rendered":"\t\t<div data-elementor-type=\"wp-post\" data-elementor-id=\"34\" class=\"elementor elementor-34\">\n\t\t\t\t\t\t<nav class=\"elementor-section elementor-top-section elementor-element elementor-element-bd7dd71 elementor-section-stretched submenu elementor-section-boxed elementor-section-height-default elementor-section-height-default\" data-id=\"bd7dd71\" data-element_type=\"section\" data-e-type=\"section\" id=\"submenu\" data-settings=\"{&quot;stretch_section&quot;:&quot;section-stretched&quot;,&quot;animation&quot;:&quot;none&quot;,&quot;background_background&quot;:&quot;classic&quot;}\">\n\t\t\t\t\t\t\t<div class=\"elementor-background-overlay\"><\/div>\n\t\t\t\t\t\t\t<div class=\"elementor-container elementor-column-gap-default\">\n\t\t\t\t\t<div class=\"elementor-column elementor-col-50 elementor-top-column elementor-element elementor-element-146e5bd\" data-id=\"146e5bd\" data-element_type=\"column\" data-e-type=\"column\">\n\t\t\t<div class=\"elementor-widget-wrap elementor-element-populated\">\n\t\t\t\t\t\t<div class=\"elementor-element elementor-element-2f6b675 elementor-widget elementor-widget-heading\" data-id=\"2f6b675\" data-element_type=\"widget\" data-e-type=\"widget\" data-widget_type=\"heading.default\">\n\t\t\t\t<div class=\"elementor-widget-container\">\n\t\t\t\t\t<h4 class=\"elementor-heading-title elementor-size-default\"><a href=\"#hospital\">Hospital<\/a><\/h4>\t\t\t\t<\/div>\n\t\t\t\t<\/div>\n\t\t\t\t\t<\/div>\n\t\t<\/div>\n\t\t\t\t<div class=\"elementor-column elementor-col-50 elementor-top-column elementor-element elementor-element-72a4891\" data-id=\"72a4891\" data-element_type=\"column\" data-e-type=\"column\">\n\t\t\t<div class=\"elementor-widget-wrap elementor-element-populated\">\n\t\t\t\t\t\t<div class=\"elementor-element elementor-element-90d1418 elementor-widget elementor-widget-heading\" data-id=\"90d1418\" data-element_type=\"widget\" data-e-type=\"widget\" data-widget_type=\"heading.default\">\n\t\t\t\t<div class=\"elementor-widget-container\">\n\t\t\t\t\t<h4 class=\"elementor-heading-title elementor-size-default\"><a href=\"#politica\">Pol\u00edtica, Misi\u00f3n y Visi\u00f3n<\/a><\/h4>\t\t\t\t<\/div>\n\t\t\t\t<\/div>\n\t\t\t\t\t<\/div>\n\t\t<\/div>\n\t\t\t\t\t<\/div>\n\t\t<\/nav>\n\t\t\t\t<section class=\"elementor-section elementor-top-section elementor-element elementor-element-b612af3 elementor-section-stretched elementor-section-full_width elementor-section-height-default elementor-section-height-default\" data-id=\"b612af3\" data-element_type=\"section\" data-e-type=\"section\" data-settings=\"{&quot;stretch_section&quot;:&quot;section-stretched&quot;,&quot;background_background&quot;:&quot;classic&quot;}\">\n\t\t\t\t\t\t\t<div class=\"elementor-background-overlay\"><\/div>\n\t\t\t\t\t\t\t<div class=\"elementor-container elementor-column-gap-default\">\n\t\t\t\t\t<div class=\"elementor-column elementor-col-100 elementor-top-column elementor-element elementor-element-e591a7f\" data-id=\"e591a7f\" data-element_type=\"column\" data-e-type=\"column\">\n\t\t\t<div class=\"elementor-widget-wrap elementor-element-populated\">\n\t\t\t\t\t\t<div class=\"elementor-element elementor-element-5e24084 elementor-widget elementor-widget-menu-anchor\" data-id=\"5e24084\" data-element_type=\"widget\" data-e-type=\"widget\" data-widget_type=\"menu-anchor.default\">\n\t\t\t\t<div class=\"elementor-widget-container\">\n\t\t\t\t\t\t\t<div class=\"elementor-menu-anchor\" id=\"hospital\"><\/div>\n\t\t\t\t\t\t<\/div>\n\t\t\t\t<\/div>\n\t\t\t\t<div class=\"elementor-element elementor-element-8ae5fdb elementor-widget elementor-widget-heading\" data-id=\"8ae5fdb\" data-element_type=\"widget\" data-e-type=\"widget\" data-widget_type=\"heading.default\">\n\t\t\t\t<div class=\"elementor-widget-container\">\n\t\t\t\t\t<h1 class=\"elementor-heading-title elementor-size-default\"><a href=\"#submenu\">Hospital<\/a><\/h1>\t\t\t\t<\/div>\n\t\t\t\t<\/div>\n\t\t\t\t\t<\/div>\n\t\t<\/div>\n\t\t\t\t\t<\/div>\n\t\t<\/section>\n\t\t\t\t<section class=\"elementor-section elementor-top-section elementor-element elementor-element-8a34a5e elementor-section-boxed elementor-section-height-default elementor-section-height-default\" data-id=\"8a34a5e\" data-element_type=\"section\" data-e-type=\"section\" data-settings=\"{&quot;background_background&quot;:&quot;classic&quot;}\">\n\t\t\t\t\t\t<div class=\"elementor-container elementor-column-gap-default\">\n\t\t\t\t\t<div class=\"elementor-column elementor-col-50 elementor-top-column elementor-element elementor-element-8475750\" data-id=\"8475750\" data-element_type=\"column\" data-e-type=\"column\">\n\t\t\t<div class=\"elementor-widget-wrap elementor-element-populated\">\n\t\t\t\t\t\t<div class=\"elementor-element elementor-element-220cba7 elementor-widget elementor-widget-text-editor\" data-id=\"220cba7\" data-element_type=\"widget\" data-e-type=\"widget\" data-widget_type=\"text-editor.default\">\n\t\t\t\t<div class=\"elementor-widget-container\">\n\t\t\t\t\t\t\t\t\t<p style=\"font-weight: 400;\">Antes de 2013 la atenci\u00f3n en salud para las madres y ni\u00f1os la realizaba el Hospital P\u00fablico Dr. Vera Barros, con una capacidad de camas, menor a la demandada. Ya en el a\u00f1o 2003 la capacidad de este hospital estaba totalmente superada, sumado a esto la falta de espacio y posibilidad de ampliaci\u00f3n que se ten\u00eda para aumentar su capacidad.<\/p>\n<p style=\"font-weight: 400;\">Por ello y atento a esto, el Ministerio de Salud de la Provincia de La Rioja solicita a la Secretar\u00eda de Obras P\u00fablica a trav\u00e9s de del Ministerio de Infraestructura la realizaci\u00f3n de un Proyecto para un Hospital materno infante cuya capacidad deber\u00eda ser proyectada para albergar a pacientes por los pr\u00f3ximos 20 a\u00f1os.<\/p>\n<p style=\"font-weight: 400;\">De este modo, el entonces Secretario de Obras P\u00fablica, delega en la Arquitecta M\u00f3nica Zavatti la direcci\u00f3n y responsabilidad de desarrollar un proyecto para un Hospital materno infante a construirse en la Ciudad de la Rioja.<\/p>\n<p style=\"font-size: 15px; font-style: normal; font-weight: 400;\">Es as\u00ed que en el a\u00f1o 2005 con el proyecto concluido la Provincia consigue financiaci\u00f3n para la construcci\u00f3n del hospital.<\/p>\n<p style=\"font-size: 15px; font-style: normal; font-weight: 400;\">En el a\u00f1o 2006, la legislatura provincial aprueba con fuerza de Ley la creaci\u00f3n del Hospital materno infantil de La Rioja. En la misma se establecen las pautas principales por la cuales se regir\u00e1 el futuro hospital.<\/p><p style=\"font-size: 15px; font-style: normal; font-weight: 400;\">En el a\u00f1o 2007 se llama a licitaci\u00f3n P\u00fablica Nacional y la Empresa adjudicataria result\u00f3 ser el Joint Venture Benito Roggio \u2013 Esucco. La Direcci\u00f3n de la obra estuvo a cargo tambi\u00e9n por la Arq. M\u00f3nica Zavatti.<\/p><p style=\"font-size: 15px; font-style: normal; font-weight: 400;\">El hospital comienza a construirse en el a\u00f1o 2007, finalizando en diciembre del a\u00f1o 2012. La atenci\u00f3n de los consultorios externos comenz\u00f3 en diciembre de 2012. El&nbsp;02 de febrero&nbsp;del 2013 comenz\u00f3 con todo su Personal ya seleccionado a operar en vac\u00edo y el primer traslado de ni\u00f1os y madres se realiz\u00f3 el d\u00eda&nbsp;18 de marzo&nbsp;del 2013 comenzando su atenci\u00f3n al p\u00fablico al 100 % el d\u00eda 10 de&nbsp;abril 2013. Su primer Director fue el Dr. Julio Escriva.<\/p><p style=\"font-size: 15px; font-style: normal; font-weight: 400;\">Desde entonces el Hospital de la Madre y el Ni\u00f1o viene prestando sus servicios como hospital de nivel III, de referencia en las diferentes especialidades y subespecialidades.<\/p>\n<p style=\"font-weight: 400;\">\n<\/p>\t\t\t\t\t\t\t\t<\/div>\n\t\t\t\t<\/div>\n\t\t\t\t\t<\/div>\n\t\t<\/div>\n\t\t\t\t<div class=\"elementor-column elementor-col-50 elementor-top-column elementor-element elementor-element-ff505cf\" data-id=\"ff505cf\" data-element_type=\"column\" data-e-type=\"column\">\n\t\t\t<div class=\"elementor-widget-wrap elementor-element-populated\">\n\t\t\t\t\t\t<div class=\"elementor-element elementor-element-f42a9c9 elementor-widget elementor-widget-image\" data-id=\"f42a9c9\" data-element_type=\"widget\" data-e-type=\"widget\" data-widget_type=\"image.default\">\n\t\t\t\t<div class=\"elementor-widget-container\">\n\t\t\t\t\t\t\t\t\t\t\t\t\t\t\t<img fetchpriority=\"high\" decoding=\"async\" width=\"1024\" height=\"683\" src=\"https:\/\/www.hospitalmyn.gob.ar\/site2019\/wp-content\/uploads\/2019\/03\/DSC_9250-1024x683.jpg\" class=\"attachment-large size-large wp-image-1150\" alt=\"\" srcset=\"https:\/\/www.hospitalmyn.gob.ar\/site2019\/wp-content\/uploads\/2019\/03\/DSC_9250-1024x683.jpg 1024w, https:\/\/www.hospitalmyn.gob.ar\/site2019\/wp-content\/uploads\/2019\/03\/DSC_9250-300x200.jpg 300w, https:\/\/www.hospitalmyn.gob.ar\/site2019\/wp-content\/uploads\/2019\/03\/DSC_9250-768x512.jpg 768w, https:\/\/www.hospitalmyn.gob.ar\/site2019\/wp-content\/uploads\/2019\/03\/DSC_9250.jpg 1500w\" sizes=\"(max-width: 1024px) 100vw, 1024px\" \/>\t\t\t\t\t\t\t\t\t\t\t\t\t\t\t<\/div>\n\t\t\t\t<\/div>\n\t\t\t\t<div class=\"elementor-element elementor-element-5e15a14 elementor-widget elementor-widget-image\" data-id=\"5e15a14\" data-element_type=\"widget\" data-e-type=\"widget\" data-widget_type=\"image.default\">\n\t\t\t\t<div class=\"elementor-widget-container\">\n\t\t\t\t\t\t\t\t\t\t\t\t\t\t\t<img decoding=\"async\" width=\"1024\" height=\"674\" data-src=\"https:\/\/www.hospitalmyn.gob.ar\/site2019\/wp-content\/uploads\/2019\/03\/DSC_9481-1024x674.jpg\" class=\"attachment-large size-large wp-image-1175 lazyload\" alt=\"\" data-srcset=\"https:\/\/www.hospitalmyn.gob.ar\/site2019\/wp-content\/uploads\/2019\/03\/DSC_9481-1024x674.jpg 1024w, https:\/\/www.hospitalmyn.gob.ar\/site2019\/wp-content\/uploads\/2019\/03\/DSC_9481-300x197.jpg 300w, https:\/\/www.hospitalmyn.gob.ar\/site2019\/wp-content\/uploads\/2019\/03\/DSC_9481-768x505.jpg 768w, https:\/\/www.hospitalmyn.gob.ar\/site2019\/wp-content\/uploads\/2019\/03\/DSC_9481.jpg 1457w\" data-sizes=\"(max-width: 1024px) 100vw, 1024px\" src=\"data:image\/svg+xml;base64,PHN2ZyB3aWR0aD0iMSIgaGVpZ2h0PSIxIiB4bWxucz0iaHR0cDovL3d3dy53My5vcmcvMjAwMC9zdmciPjwvc3ZnPg==\" style=\"--smush-placeholder-width: 1024px; --smush-placeholder-aspect-ratio: 1024\/674;\" \/>\t\t\t\t\t\t\t\t\t\t\t\t\t\t\t<\/div>\n\t\t\t\t<\/div>\n\t\t\t\t<div class=\"elementor-element elementor-element-1e49964 elementor-widget elementor-widget-image\" data-id=\"1e49964\" data-element_type=\"widget\" data-e-type=\"widget\" data-widget_type=\"image.default\">\n\t\t\t\t<div class=\"elementor-widget-container\">\n\t\t\t\t\t\t\t\t\t\t\t\t\t\t\t<img decoding=\"async\" width=\"1024\" height=\"620\" data-src=\"https:\/\/www.hospitalmyn.gob.ar\/site2019\/wp-content\/uploads\/2019\/03\/DSC_9389-1024x620.jpg\" class=\"attachment-large size-large wp-image-1225 lazyload\" alt=\"\" data-srcset=\"https:\/\/www.hospitalmyn.gob.ar\/site2019\/wp-content\/uploads\/2019\/03\/DSC_9389-1024x620.jpg 1024w, https:\/\/www.hospitalmyn.gob.ar\/site2019\/wp-content\/uploads\/2019\/03\/DSC_9389-300x182.jpg 300w, https:\/\/www.hospitalmyn.gob.ar\/site2019\/wp-content\/uploads\/2019\/03\/DSC_9389-768x465.jpg 768w, https:\/\/www.hospitalmyn.gob.ar\/site2019\/wp-content\/uploads\/2019\/03\/DSC_9389.jpg 1444w\" data-sizes=\"(max-width: 1024px) 100vw, 1024px\" src=\"data:image\/svg+xml;base64,PHN2ZyB3aWR0aD0iMSIgaGVpZ2h0PSIxIiB4bWxucz0iaHR0cDovL3d3dy53My5vcmcvMjAwMC9zdmciPjwvc3ZnPg==\" style=\"--smush-placeholder-width: 1024px; --smush-placeholder-aspect-ratio: 1024\/620;\" \/>\t\t\t\t\t\t\t\t\t\t\t\t\t\t\t<\/div>\n\t\t\t\t<\/div>\n\t\t\t\t<div class=\"elementor-element elementor-element-c8b67fe elementor-widget elementor-widget-image\" data-id=\"c8b67fe\" data-element_type=\"widget\" data-e-type=\"widget\" data-widget_type=\"image.default\">\n\t\t\t\t<div class=\"elementor-widget-container\">\n\t\t\t\t\t\t\t\t\t\t\t\t\t\t\t<img decoding=\"async\" width=\"1024\" height=\"683\" data-src=\"https:\/\/www.hospitalmyn.gob.ar\/site2019\/wp-content\/uploads\/2019\/03\/DSC_9339-1024x683.jpg\" class=\"attachment-large size-large wp-image-1139 lazyload\" alt=\"\" data-srcset=\"https:\/\/www.hospitalmyn.gob.ar\/site2019\/wp-content\/uploads\/2019\/03\/DSC_9339-1024x683.jpg 1024w, https:\/\/www.hospitalmyn.gob.ar\/site2019\/wp-content\/uploads\/2019\/03\/DSC_9339-300x200.jpg 300w, https:\/\/www.hospitalmyn.gob.ar\/site2019\/wp-content\/uploads\/2019\/03\/DSC_9339-768x512.jpg 768w, https:\/\/www.hospitalmyn.gob.ar\/site2019\/wp-content\/uploads\/2019\/03\/DSC_9339.jpg 1500w\" data-sizes=\"(max-width: 1024px) 100vw, 1024px\" src=\"data:image\/svg+xml;base64,PHN2ZyB3aWR0aD0iMSIgaGVpZ2h0PSIxIiB4bWxucz0iaHR0cDovL3d3dy53My5vcmcvMjAwMC9zdmciPjwvc3ZnPg==\" style=\"--smush-placeholder-width: 1024px; --smush-placeholder-aspect-ratio: 1024\/683;\" \/>\t\t\t\t\t\t\t\t\t\t\t\t\t\t\t<\/div>\n\t\t\t\t<\/div>\n\t\t\t\t\t<\/div>\n\t\t<\/div>\n\t\t\t\t\t<\/div>\n\t\t<\/section>\n\t\t\t\t<section class=\"elementor-section elementor-top-section elementor-element elementor-element-0b8abf9 elementor-section-stretched elementor-section-full_width elementor-section-height-default elementor-section-height-default\" data-id=\"0b8abf9\" data-element_type=\"section\" data-e-type=\"section\" data-settings=\"{&quot;stretch_section&quot;:&quot;section-stretched&quot;,&quot;background_background&quot;:&quot;classic&quot;}\">\n\t\t\t\t\t\t\t<div class=\"elementor-background-overlay\"><\/div>\n\t\t\t\t\t\t\t<div class=\"elementor-container elementor-column-gap-default\">\n\t\t\t\t\t<div class=\"elementor-column elementor-col-100 elementor-top-column elementor-element elementor-element-e5f0217\" data-id=\"e5f0217\" data-element_type=\"column\" data-e-type=\"column\">\n\t\t\t<div class=\"elementor-widget-wrap elementor-element-populated\">\n\t\t\t\t\t\t<div class=\"elementor-element elementor-element-5a0327c elementor-widget elementor-widget-menu-anchor\" data-id=\"5a0327c\" data-element_type=\"widget\" data-e-type=\"widget\" data-widget_type=\"menu-anchor.default\">\n\t\t\t\t<div class=\"elementor-widget-container\">\n\t\t\t\t\t\t\t<div class=\"elementor-menu-anchor\" id=\"politica\"><\/div>\n\t\t\t\t\t\t<\/div>\n\t\t\t\t<\/div>\n\t\t\t\t<div class=\"elementor-element elementor-element-47db233 elementor-widget elementor-widget-heading\" data-id=\"47db233\" data-element_type=\"widget\" data-e-type=\"widget\" data-widget_type=\"heading.default\">\n\t\t\t\t<div class=\"elementor-widget-container\">\n\t\t\t\t\t<h1 class=\"elementor-heading-title elementor-size-default\"><a href=\"#submenu\">Pol\u00edtica, Misi\u00f3n y Visi\u00f3n<\/a><\/h1>\t\t\t\t<\/div>\n\t\t\t\t<\/div>\n\t\t\t\t\t<\/div>\n\t\t<\/div>\n\t\t\t\t\t<\/div>\n\t\t<\/section>\n\t\t\t\t<section class=\"elementor-section elementor-top-section elementor-element elementor-element-27f3ade elementor-section-stretched elementor-section-boxed elementor-section-height-default elementor-section-height-default\" data-id=\"27f3ade\" data-element_type=\"section\" data-e-type=\"section\" data-settings=\"{&quot;stretch_section&quot;:&quot;section-stretched&quot;,&quot;background_background&quot;:&quot;classic&quot;}\">\n\t\t\t\t\t\t<div class=\"elementor-container elementor-column-gap-default\">\n\t\t\t\t\t<div class=\"elementor-column elementor-col-100 elementor-top-column elementor-element elementor-element-ab1bf2a\" data-id=\"ab1bf2a\" data-element_type=\"column\" data-e-type=\"column\">\n\t\t\t<div class=\"elementor-widget-wrap elementor-element-populated\">\n\t\t\t\t\t\t<div class=\"elementor-element elementor-element-f60561c elementor-widget elementor-widget-heading\" data-id=\"f60561c\" data-element_type=\"widget\" data-e-type=\"widget\" data-widget_type=\"heading.default\">\n\t\t\t\t<div class=\"elementor-widget-container\">\n\t\t\t\t\t<h2 class=\"elementor-heading-title elementor-size-default\">Pol\u00edtica Institucional<\/h2>\t\t\t\t<\/div>\n\t\t\t\t<\/div>\n\t\t\t\t<div class=\"elementor-element elementor-element-4dff20e elementor-widget elementor-widget-heading\" data-id=\"4dff20e\" data-element_type=\"widget\" data-e-type=\"widget\" data-widget_type=\"heading.default\">\n\t\t\t\t<div class=\"elementor-widget-container\">\n\t\t\t\t\t<h2 class=\"elementor-heading-title elementor-size-default\">Maternidad segura y centrada en la familia\u200b<\/h2>\t\t\t\t<\/div>\n\t\t\t\t<\/div>\n\t\t\t\t<div class=\"elementor-element elementor-element-19eb8d1 elementor-widget elementor-widget-text-editor\" data-id=\"19eb8d1\" data-element_type=\"widget\" data-e-type=\"widget\" data-widget_type=\"text-editor.default\">\n\t\t\t\t<div class=\"elementor-widget-container\">\n\t\t\t\t\t\t\t\t\t<p>Organizaci\u00f3n centrada en la familia. Posiciona la seguridad y calidad de la atenci\u00f3n como prioridad.\u00a0El reconocimiento de las madres, hijos y familia como los verdaderos due\u00f1os de casa.\u00a0El empoderamiento de la mujer y su familia para el cuidado de su hijo antes y despu\u00e9s del nacimiento, contenidos por un equipo de salud que brinda informaci\u00f3n continua, clara y comprensible que fomenta la lactancia materna y aplica intervenciones de efectividad y seguridad basadas en la evidencia.<\/p>\t\t\t\t\t\t\t\t<\/div>\n\t\t\t\t<\/div>\n\t\t\t\t<section class=\"elementor-section elementor-inner-section elementor-element elementor-element-23de24b elementor-section-boxed elementor-section-height-default elementor-section-height-default\" data-id=\"23de24b\" data-element_type=\"section\" data-e-type=\"section\">\n\t\t\t\t\t\t<div class=\"elementor-container elementor-column-gap-default\">\n\t\t\t\t\t<div class=\"elementor-column elementor-col-50 elementor-inner-column elementor-element elementor-element-313c323\" data-id=\"313c323\" data-element_type=\"column\" data-e-type=\"column\">\n\t\t\t<div class=\"elementor-widget-wrap elementor-element-populated\">\n\t\t\t\t\t\t<div class=\"elementor-element elementor-element-658e40d elementor-widget elementor-widget-heading\" data-id=\"658e40d\" data-element_type=\"widget\" data-e-type=\"widget\" data-widget_type=\"heading.default\">\n\t\t\t\t<div class=\"elementor-widget-container\">\n\t\t\t\t\t<h2 class=\"elementor-heading-title elementor-size-default\">Visi\u00f3n<\/h2>\t\t\t\t<\/div>\n\t\t\t\t<\/div>\n\t\t\t\t<div class=\"elementor-element elementor-element-b866654 elementor-widget elementor-widget-text-editor\" data-id=\"b866654\" data-element_type=\"widget\" data-e-type=\"widget\" data-widget_type=\"text-editor.default\">\n\t\t\t\t<div class=\"elementor-widget-container\">\n\t\t\t\t\t\t\t\t\t<p>Consolidarnos como una Instituci\u00f3n l\u00edder y en continuo desarrollo en la Provincia y la Regi\u00f3n, que se distinga por la calidad y la calidez en la atenci\u00f3n al paciente y su familia, contribuyendo al crecimiento personal y profesional de su equipo de trabajo y comprometido con la salud de la comunidad y el medio ambiente<\/p>\t\t\t\t\t\t\t\t<\/div>\n\t\t\t\t<\/div>\n\t\t\t\t\t<\/div>\n\t\t<\/div>\n\t\t\t\t<div class=\"elementor-column elementor-col-50 elementor-inner-column elementor-element elementor-element-ada11d7\" data-id=\"ada11d7\" data-element_type=\"column\" data-e-type=\"column\">\n\t\t\t<div class=\"elementor-widget-wrap elementor-element-populated\">\n\t\t\t\t\t\t<div class=\"elementor-element elementor-element-2402474 elementor-widget elementor-widget-heading\" data-id=\"2402474\" data-element_type=\"widget\" data-e-type=\"widget\" data-widget_type=\"heading.default\">\n\t\t\t\t<div class=\"elementor-widget-container\">\n\t\t\t\t\t<h2 class=\"elementor-heading-title elementor-size-default\">Misi\u00f3n<\/h2>\t\t\t\t<\/div>\n\t\t\t\t<\/div>\n\t\t\t\t<div class=\"elementor-element elementor-element-3aae3e1 elementor-widget elementor-widget-text-editor\" data-id=\"3aae3e1\" data-element_type=\"widget\" data-e-type=\"widget\" data-widget_type=\"text-editor.default\">\n\t\t\t\t<div class=\"elementor-widget-container\">\n\t\t\t\t\t\t\t\t\t<p>&#8211;\u00a0 Cuidar a nuestros ni\u00f1os y madres, satisfaciendo sus necesidades de salud a trav\u00e9s de la atenci\u00f3n de calidad, humanitaria y equitativa y accesible, garantizando el respeto por sus derechos, integrando una red sanitaria y comprometidos con el cuidado del medio ambiente.<\/p><p>&#8211; Asegurar la continua capacitaci\u00f3n, desarrollo y perfeccionamiento de las personas que conformas los equipos de trabajo, propiciar un ambiente cordial y de respeto mutuo que permita el crecimiento y el desarrollo individual y colectivo<\/p><p>&#8211;\u00a0\u00a0Constituir un centro acad\u00e9mico de excelencia que incluya la red sanitaria, fomentar la docencia y la investigaci\u00f3n, y establecer v\u00ednculos efectivos con Universidades e instituciones de referencia, de alta complejidad y prestigio acad\u00e9mico.<\/p>\t\t\t\t\t\t\t\t<\/div>\n\t\t\t\t<\/div>\n\t\t\t\t\t<\/div>\n\t\t<\/div>\n\t\t\t\t\t<\/div>\n\t\t<\/section>\n\t\t\t\t\t<\/div>\n\t\t<\/div>\n\t\t\t\t\t<\/div>\n\t\t<\/section>\n\t\t\t\t<section class=\"elementor-section elementor-top-section elementor-element elementor-element-f21760d elementor-section-stretched elementor-section-boxed elementor-section-height-default elementor-section-height-default\" data-id=\"f21760d\" data-element_type=\"section\" data-e-type=\"section\" data-settings=\"{&quot;stretch_section&quot;:&quot;section-stretched&quot;,&quot;background_background&quot;:&quot;classic&quot;}\">\n\t\t\t\t\t\t<div class=\"elementor-container elementor-column-gap-default\">\n\t\t\t\t\t<div class=\"elementor-column elementor-col-100 elementor-top-column elementor-element elementor-element-30c7b75\" data-id=\"30c7b75\" data-element_type=\"column\" data-e-type=\"column\">\n\t\t\t<div class=\"elementor-widget-wrap elementor-element-populated\">\n\t\t\t\t\t\t<div class=\"elementor-element elementor-element-eaccfc5 elementor-view-stacked elementor-shape-circle elementor-widget elementor-widget-icon\" data-id=\"eaccfc5\" data-element_type=\"widget\" data-e-type=\"widget\" data-widget_type=\"icon.default\">\n\t\t\t\t<div class=\"elementor-widget-container\">\n\t\t\t\t\t\t\t<div class=\"elementor-icon-wrapper\">\n\t\t\t<a class=\"elementor-icon\" href=\"#submenu\">\n\t\t\t<i aria-hidden=\"true\" class=\"fas fa-arrow-up\"><\/i>\t\t\t<\/a>\n\t\t<\/div>\n\t\t\t\t\t\t<\/div>\n\t\t\t\t<\/div>\n\t\t\t\t\t<\/div>\n\t\t<\/div>\n\t\t\t\t\t<\/div>\n\t\t<\/section>\n\t\t\t\t<\/div>\n\t\t","protected":false},"excerpt":{"rendered":"<p>Hospital Pol\u00edtica, Misi\u00f3n y Visi\u00f3n Hospital Antes de 2013 la atenci\u00f3n en salud para las madres y ni\u00f1os la realizaba el Hospital P\u00fablico Dr. Vera Barros, con una capacidad de camas, menor a la demandada. Ya en el a\u00f1o 2003 la capacidad de este hospital estaba totalmente superada, sumado a esto la falta de espacio [&hellip;]<\/p>\n","protected":false},"author":1,"featured_media":0,"parent":15,"menu_order":0,"comment_status":"closed","ping_status":"closed","template":"","meta":{"site-sidebar-layout":"no-sidebar","site-content-layout":"page-builder","ast-site-content-layout":"default","site-content-style":"default","site-sidebar-style":"default","ast-global-header-display":"","ast-banner-title-visibility":"","ast-main-header-display":"","ast-hfb-above-header-display":"","ast-hfb-below-header-display":"","ast-hfb-mobile-header-display":"","site-post-title":"disabled","ast-breadcrumbs-content":"","ast-featured-img":"disabled","footer-sml-layout":"","theme-transparent-header-meta":"","adv-header-id-meta":"","stick-header-meta":"","header-above-stick-meta":"","header-main-stick-meta":"","header-below-stick-meta":"","astra-migrate-meta-layouts":"default","ast-page-background-enabled":"default","ast-page-background-meta":{"desktop":{"background-color":"","background-image":"","background-repeat":"repeat","background-position":"center center","background-size":"auto","background-attachment":"scroll","background-type":"","background-media":"","overlay-type":"","overlay-color":"","overlay-opacity":"","overlay-gradient":""},"tablet":{"background-color":"","background-image":"","background-repeat":"repeat","background-position":"center center","background-size":"auto","background-attachment":"scroll","background-type":"","background-media":"","overlay-type":"","overlay-color":"","overlay-opacity":"","overlay-gradient":""},"mobile":{"background-color":"","background-image":"","background-repeat":"repeat","background-position":"center center","background-size":"auto","background-attachment":"scroll","background-type":"","background-media":"","overlay-type":"","overlay-color":"","overlay-opacity":"","overlay-gradient":""}},"ast-content-background-meta":{"desktop":{"background-color":"var(--ast-global-color-5)","background-image":"","background-repeat":"repeat","background-position":"center center","background-size":"auto","background-attachment":"scroll","background-type":"","background-media":"","overlay-type":"","overlay-color":"","overlay-opacity":"","overlay-gradient":""},"tablet":{"background-color":"var(--ast-global-color-5)","background-image":"","background-repeat":"repeat","background-position":"center center","background-size":"auto","background-attachment":"scroll","background-type":"","background-media":"","overlay-type":"","overlay-color":"","overlay-opacity":"","overlay-gradient":""},"mobile":{"background-color":"var(--ast-global-color-5)","background-image":"","background-repeat":"repeat","background-position":"center center","background-size":"auto","background-attachment":"scroll","background-type":"","background-media":"","overlay-type":"","overlay-color":"","overlay-opacity":"","overlay-gradient":""}},"footnotes":""},"class_list":["post-34","page","type-page","status-publish","hentry"],"yoast_head":"<!-- This site is optimized with the Yoast SEO plugin v27.4 - https:\/\/yoast.com\/product\/yoast-seo-wordpress\/ -->\n<title>Hospital - Hospital de la Madre y el Ni\u00f1o<\/title>\n<meta name=\"robots\" content=\"index, follow, max-snippet:-1, max-image-preview:large, max-video-preview:-1\" \/>\n<link rel=\"canonical\" href=\"https:\/\/www.hospitalmyn.gob.ar\/site2019\/?page_id=34\" \/>\n<meta property=\"og:locale\" content=\"es_ES\" \/>\n<meta property=\"og:type\" content=\"article\" \/>\n<meta property=\"og:title\" content=\"Hospital - Hospital de la Madre y el Ni\u00f1o\" \/>\n<meta property=\"og:description\" content=\"Hospital Pol\u00edtica, Misi\u00f3n y Visi\u00f3n Hospital Antes de 2013 la atenci\u00f3n en salud para las madres y ni\u00f1os la realizaba el Hospital P\u00fablico Dr. Vera Barros, con una capacidad de camas, menor a la demandada. Ya en el a\u00f1o 2003 la capacidad de este hospital estaba totalmente superada, sumado a esto la falta de espacio [&hellip;]\" \/>\n<meta property=\"og:url\" content=\"https:\/\/www.hospitalmyn.gob.ar\/site2019\/?page_id=34\" \/>\n<meta property=\"og:site_name\" content=\"Hospital de la Madre y el Ni\u00f1o\" \/>\n<meta property=\"article:modified_time\" content=\"2021-04-21T12:44:08+00:00\" \/>\n<meta property=\"og:image\" content=\"https:\/\/www.hospitalmyn.gob.ar\/site2019\/wp-content\/uploads\/2019\/03\/DSC_9250-1024x683.jpg\" \/>\n<meta name=\"twitter:card\" content=\"summary_large_image\" \/>\n<meta name=\"twitter:label1\" content=\"Tiempo de lectura\" \/>\n\t<meta name=\"twitter:data1\" content=\"4 minutos\" \/>\n<script type=\"application\/ld+json\" class=\"yoast-schema-graph\">{\"@context\":\"https:\\\/\\\/schema.org\",\"@graph\":[{\"@type\":\"WebPage\",\"@id\":\"https:\\\/\\\/www.hospitalmyn.gob.ar\\\/site2019\\\/?page_id=34\",\"url\":\"https:\\\/\\\/www.hospitalmyn.gob.ar\\\/site2019\\\/?page_id=34\",\"name\":\"Hospital - Hospital de la Madre y el Ni\u00f1o\",\"isPartOf\":{\"@id\":\"https:\\\/\\\/www.hospitalmyn.gob.ar\\\/site2019\\\/#website\"},\"primaryImageOfPage\":{\"@id\":\"https:\\\/\\\/www.hospitalmyn.gob.ar\\\/site2019\\\/?page_id=34#primaryimage\"},\"image\":{\"@id\":\"https:\\\/\\\/www.hospitalmyn.gob.ar\\\/site2019\\\/?page_id=34#primaryimage\"},\"thumbnailUrl\":\"https:\\\/\\\/www.hospitalmyn.gob.ar\\\/site2019\\\/wp-content\\\/uploads\\\/2019\\\/03\\\/DSC_9250-1024x683.jpg\",\"datePublished\":\"2018-12-05T16:16:20+00:00\",\"dateModified\":\"2021-04-21T12:44:08+00:00\",\"breadcrumb\":{\"@id\":\"https:\\\/\\\/www.hospitalmyn.gob.ar\\\/site2019\\\/?page_id=34#breadcrumb\"},\"inLanguage\":\"es-AR\",\"potentialAction\":[{\"@type\":\"ReadAction\",\"target\":[\"https:\\\/\\\/www.hospitalmyn.gob.ar\\\/site2019\\\/?page_id=34\"]}]},{\"@type\":\"ImageObject\",\"inLanguage\":\"es-AR\",\"@id\":\"https:\\\/\\\/www.hospitalmyn.gob.ar\\\/site2019\\\/?page_id=34#primaryimage\",\"url\":\"https:\\\/\\\/www.hospitalmyn.gob.ar\\\/site2019\\\/wp-content\\\/uploads\\\/2019\\\/03\\\/DSC_9250.jpg\",\"contentUrl\":\"https:\\\/\\\/www.hospitalmyn.gob.ar\\\/site2019\\\/wp-content\\\/uploads\\\/2019\\\/03\\\/DSC_9250.jpg\",\"width\":1500,\"height\":1000},{\"@type\":\"BreadcrumbList\",\"@id\":\"https:\\\/\\\/www.hospitalmyn.gob.ar\\\/site2019\\\/?page_id=34#breadcrumb\",\"itemListElement\":[{\"@type\":\"ListItem\",\"position\":1,\"name\":\"Inicio\",\"item\":\"https:\\\/\\\/www.hospitalmyn.gob.ar\\\/site2019\\\/\"},{\"@type\":\"ListItem\",\"position\":2,\"name\":\"Inicio\",\"item\":\"https:\\\/\\\/www.hospitalmyn.gob.ar\\\/site2019\\\/\"},{\"@type\":\"ListItem\",\"position\":3,\"name\":\"Hospital\"}]},{\"@type\":\"WebSite\",\"@id\":\"https:\\\/\\\/www.hospitalmyn.gob.ar\\\/site2019\\\/#website\",\"url\":\"https:\\\/\\\/www.hospitalmyn.gob.ar\\\/site2019\\\/\",\"name\":\"Hospital de la Madre y el Ni\u00f1o\",\"description\":\"\",\"publisher\":{\"@id\":\"https:\\\/\\\/www.hospitalmyn.gob.ar\\\/site2019\\\/#organization\"},\"potentialAction\":[{\"@type\":\"SearchAction\",\"target\":{\"@type\":\"EntryPoint\",\"urlTemplate\":\"https:\\\/\\\/www.hospitalmyn.gob.ar\\\/site2019\\\/?s={search_term_string}\"},\"query-input\":{\"@type\":\"PropertyValueSpecification\",\"valueRequired\":true,\"valueName\":\"search_term_string\"}}],\"inLanguage\":\"es-AR\"},{\"@type\":\"Organization\",\"@id\":\"https:\\\/\\\/www.hospitalmyn.gob.ar\\\/site2019\\\/#organization\",\"name\":\"Hospital de la Madre y el Ni\u00f1o\",\"url\":\"https:\\\/\\\/www.hospitalmyn.gob.ar\\\/site2019\\\/\",\"logo\":{\"@type\":\"ImageObject\",\"inLanguage\":\"es-AR\",\"@id\":\"https:\\\/\\\/www.hospitalmyn.gob.ar\\\/site2019\\\/#\\\/schema\\\/logo\\\/image\\\/\",\"url\":\"https:\\\/\\\/www.hospitalmyn.gob.ar\\\/site2019\\\/wp-content\\\/uploads\\\/2018\\\/12\\\/LOGOPNG80X80.png\",\"contentUrl\":\"https:\\\/\\\/www.hospitalmyn.gob.ar\\\/site2019\\\/wp-content\\\/uploads\\\/2018\\\/12\\\/LOGOPNG80X80.png\",\"width\":80,\"height\":80,\"caption\":\"Hospital de la Madre y el Ni\u00f1o\"},\"image\":{\"@id\":\"https:\\\/\\\/www.hospitalmyn.gob.ar\\\/site2019\\\/#\\\/schema\\\/logo\\\/image\\\/\"}}]}<\/script>\n<!-- \/ Yoast SEO plugin. -->","yoast_head_json":{"title":"Hospital - Hospital de la Madre y el Ni\u00f1o","robots":{"index":"index","follow":"follow","max-snippet":"max-snippet:-1","max-image-preview":"max-image-preview:large","max-video-preview":"max-video-preview:-1"},"canonical":"https:\/\/www.hospitalmyn.gob.ar\/site2019\/?page_id=34","og_locale":"es_ES","og_type":"article","og_title":"Hospital - Hospital de la Madre y el Ni\u00f1o","og_description":"Hospital Pol\u00edtica, Misi\u00f3n y Visi\u00f3n Hospital Antes de 2013 la atenci\u00f3n en salud para las madres y ni\u00f1os la realizaba el Hospital P\u00fablico Dr. Vera Barros, con una capacidad de camas, menor a la demandada. Ya en el a\u00f1o 2003 la capacidad de este hospital estaba totalmente superada, sumado a esto la falta de espacio [&hellip;]","og_url":"https:\/\/www.hospitalmyn.gob.ar\/site2019\/?page_id=34","og_site_name":"Hospital de la Madre y el Ni\u00f1o","article_modified_time":"2021-04-21T12:44:08+00:00","og_image":[{"url":"https:\/\/www.hospitalmyn.gob.ar\/site2019\/wp-content\/uploads\/2019\/03\/DSC_9250-1024x683.jpg","type":"","width":"","height":""}],"twitter_card":"summary_large_image","twitter_misc":{"Tiempo de lectura":"4 minutos"},"schema":{"@context":"https:\/\/schema.org","@graph":[{"@type":"WebPage","@id":"https:\/\/www.hospitalmyn.gob.ar\/site2019\/?page_id=34","url":"https:\/\/www.hospitalmyn.gob.ar\/site2019\/?page_id=34","name":"Hospital - Hospital de la Madre y el Ni\u00f1o","isPartOf":{"@id":"https:\/\/www.hospitalmyn.gob.ar\/site2019\/#website"},"primaryImageOfPage":{"@id":"https:\/\/www.hospitalmyn.gob.ar\/site2019\/?page_id=34#primaryimage"},"image":{"@id":"https:\/\/www.hospitalmyn.gob.ar\/site2019\/?page_id=34#primaryimage"},"thumbnailUrl":"https:\/\/www.hospitalmyn.gob.ar\/site2019\/wp-content\/uploads\/2019\/03\/DSC_9250-1024x683.jpg","datePublished":"2018-12-05T16:16:20+00:00","dateModified":"2021-04-21T12:44:08+00:00","breadcrumb":{"@id":"https:\/\/www.hospitalmyn.gob.ar\/site2019\/?page_id=34#breadcrumb"},"inLanguage":"es-AR","potentialAction":[{"@type":"ReadAction","target":["https:\/\/www.hospitalmyn.gob.ar\/site2019\/?page_id=34"]}]},{"@type":"ImageObject","inLanguage":"es-AR","@id":"https:\/\/www.hospitalmyn.gob.ar\/site2019\/?page_id=34#primaryimage","url":"https:\/\/www.hospitalmyn.gob.ar\/site2019\/wp-content\/uploads\/2019\/03\/DSC_9250.jpg","contentUrl":"https:\/\/www.hospitalmyn.gob.ar\/site2019\/wp-content\/uploads\/2019\/03\/DSC_9250.jpg","width":1500,"height":1000},{"@type":"BreadcrumbList","@id":"https:\/\/www.hospitalmyn.gob.ar\/site2019\/?page_id=34#breadcrumb","itemListElement":[{"@type":"ListItem","position":1,"name":"Inicio","item":"https:\/\/www.hospitalmyn.gob.ar\/site2019\/"},{"@type":"ListItem","position":2,"name":"Inicio","item":"https:\/\/www.hospitalmyn.gob.ar\/site2019\/"},{"@type":"ListItem","position":3,"name":"Hospital"}]},{"@type":"WebSite","@id":"https:\/\/www.hospitalmyn.gob.ar\/site2019\/#website","url":"https:\/\/www.hospitalmyn.gob.ar\/site2019\/","name":"Hospital de la Madre y el Ni\u00f1o","description":"","publisher":{"@id":"https:\/\/www.hospitalmyn.gob.ar\/site2019\/#organization"},"potentialAction":[{"@type":"SearchAction","target":{"@type":"EntryPoint","urlTemplate":"https:\/\/www.hospitalmyn.gob.ar\/site2019\/?s={search_term_string}"},"query-input":{"@type":"PropertyValueSpecification","valueRequired":true,"valueName":"search_term_string"}}],"inLanguage":"es-AR"},{"@type":"Organization","@id":"https:\/\/www.hospitalmyn.gob.ar\/site2019\/#organization","name":"Hospital de la Madre y el Ni\u00f1o","url":"https:\/\/www.hospitalmyn.gob.ar\/site2019\/","logo":{"@type":"ImageObject","inLanguage":"es-AR","@id":"https:\/\/www.hospitalmyn.gob.ar\/site2019\/#\/schema\/logo\/image\/","url":"https:\/\/www.hospitalmyn.gob.ar\/site2019\/wp-content\/uploads\/2018\/12\/LOGOPNG80X80.png","contentUrl":"https:\/\/www.hospitalmyn.gob.ar\/site2019\/wp-content\/uploads\/2018\/12\/LOGOPNG80X80.png","width":80,"height":80,"caption":"Hospital de la Madre y el Ni\u00f1o"},"image":{"@id":"https:\/\/www.hospitalmyn.gob.ar\/site2019\/#\/schema\/logo\/image\/"}}]}},"_links":{"self":[{"href":"https:\/\/www.hospitalmyn.gob.ar\/site2019\/index.php?rest_route=\/wp\/v2\/pages\/34","targetHints":{"allow":["GET"]}}],"collection":[{"href":"https:\/\/www.hospitalmyn.gob.ar\/site2019\/index.php?rest_route=\/wp\/v2\/pages"}],"about":[{"href":"https:\/\/www.hospitalmyn.gob.ar\/site2019\/index.php?rest_route=\/wp\/v2\/types\/page"}],"author":[{"embeddable":true,"href":"https:\/\/www.hospitalmyn.gob.ar\/site2019\/index.php?rest_route=\/wp\/v2\/users\/1"}],"replies":[{"embeddable":true,"href":"https:\/\/www.hospitalmyn.gob.ar\/site2019\/index.php?rest_route=%2Fwp%2Fv2%2Fcomments&post=34"}],"version-history":[{"count":117,"href":"https:\/\/www.hospitalmyn.gob.ar\/site2019\/index.php?rest_route=\/wp\/v2\/pages\/34\/revisions"}],"predecessor-version":[{"id":3075,"href":"https:\/\/www.hospitalmyn.gob.ar\/site2019\/index.php?rest_route=\/wp\/v2\/pages\/34\/revisions\/3075"}],"up":[{"embeddable":true,"href":"https:\/\/www.hospitalmyn.gob.ar\/site2019\/index.php?rest_route=\/wp\/v2\/pages\/15"}],"wp:attachment":[{"href":"https:\/\/www.hospitalmyn.gob.ar\/site2019\/index.php?rest_route=%2Fwp%2Fv2%2Fmedia&parent=34"}],"curies":[{"name":"wp","href":"https:\/\/api.w.org\/{rel}","templated":true}]}}